{"id":2028,"date":"2021-12-21T12:13:07","date_gmt":"2021-12-21T17:13:07","guid":{"rendered":"https:\/\/www.prideperutravel.com\/tour\/sem%20categoria\/arequipa-canion-do-colca-5-days-4-nights\/"},"modified":"2025-05-07T11:50:45","modified_gmt":"2025-05-07T16:50:45","slug":"arequipa-canion-do-colca-5-days-4-nights","status":"publish","type":"product","link":"https:\/\/www.prideperutravel.com\/pt-pt\/tour\/arequipa-pt-pt\/pacotes-arequipa\/arequipa-canion-do-colca-5-days-4-nights\/","title":{"rendered":"Arequipa &#038; C\u00e2nion do Colca (5 days\/4 nights)"},"content":{"rendered":"\t\t<div data-elementor-type=\"product-post\" data-elementor-id=\"2028\" class=\"elementor elementor-2028 elementor-1930\" data-elementor-post-type=\"product\">\n\t\t\t\t\t\t<section class=\"elementor-section elementor-top-section elementor-element elementor-element-f332ded elementor-section-boxed elementor-section-height-default elementor-section-height-default\" data-id=\"f332ded\" data-element_type=\"section\">\n\t\t\t\t\t\t<div class=\"elementor-container elementor-column-gap-default\">\n\t\t\t\t\t<div class=\"elementor-column elementor-col-100 elementor-top-column elementor-element elementor-element-130a2d0\" data-id=\"130a2d0\" data-element_type=\"column\">\n\t\t\t<div class=\"elementor-widget-wrap elementor-element-populated\">\n\t\t\t\t\t\t<div class=\"elementor-element elementor-element-e9b4101 elementor-widget elementor-widget-heading\" data-id=\"e9b4101\" data-element_type=\"widget\" data-widget_type=\"heading.default\">\n\t\t\t\t<div class=\"elementor-widget-container\">\n\t\t\t\t\t<h3 class=\"elementor-heading-title elementor-size-default\">Itiner\u00e1rio:<\/h3>\t\t\t\t<\/div>\n\t\t\t\t<\/div>\n\t\t\t\t<div class=\"elementor-element elementor-element-54a1a35 elementor-widget elementor-widget-accordion\" data-id=\"54a1a35\" data-element_type=\"widget\" data-widget_type=\"accordion.default\">\n\t\t\t\t<div class=\"elementor-widget-container\">\n\t\t\t\t\t\t\t<div class=\"elementor-accordion\">\n\t\t\t\t\t\t\t<div class=\"elementor-accordion-item\">\n\t\t\t\t\t<div id=\"elementor-tab-title-8871\" class=\"elementor-tab-title\" data-tab=\"1\" role=\"button\" aria-controls=\"elementor-tab-content-8871\" aria-expanded=\"false\">\n\t\t\t\t\t\t\t\t\t\t\t\t\t<span class=\"elementor-accordion-icon elementor-accordion-icon-left\" aria-hidden=\"true\">\n\t\t\t\t\t\t\t\t\t\t\t\t\t\t\t<span class=\"elementor-accordion-icon-closed\"><i class=\"fas fa-plus\"><\/i><\/span>\n\t\t\t\t\t\t\t\t<span class=\"elementor-accordion-icon-opened\"><i class=\"fas fa-minus\"><\/i><\/span>\n\t\t\t\t\t\t\t\t\t\t\t\t\t\t<\/span>\n\t\t\t\t\t\t\t\t\t\t\t\t<a class=\"elementor-accordion-title\" tabindex=\"0\">Dia 1: Chegada a Arequipa<\/a>\n\t\t\t\t\t<\/div>\n\t\t\t\t\t<div id=\"elementor-tab-content-8871\" class=\"elementor-tab-content elementor-clearfix\" data-tab=\"1\" role=\"region\" aria-labelledby=\"elementor-tab-title-8871\"><p>Assim que chegarmos a Arequipa, seremos transferidos para o hotel. Ap\u00f3s o check-in no hotel, teremos a manh\u00e3 livre para fazer compras ou descansar.<\/p><p>** recomendado para chegar antes das 11:00<\/p><p><strong>Tarde:. Arequipa City tour<\/strong><\/p><p>\u00c0 tarde, por volta das 13:30h iniciaremos nosso city tour em Arequipa, visitaremos o Mosteiro de Santa Catalina, depois visitaremos a Plaza de Armas, uma das mais belas do Peru, a Igreja Jesu\u00edta da Companhia, que em sua bela fachada anuncia a chamada arquitetura mesti\u00e7a, seus claustros e c\u00fapula, a casa de Tristan del Pozo e no final e para uma vista magn\u00edfica da cidade, visitaremos os bairros t\u00edpicos de Carmen alto e Yanahuara. (Mirador e Igreja). Voltaremos a Arequipa por volta das 18h.<\/p><p>Pernoite em Arequipa<\/p><\/div>\n\t\t\t\t<\/div>\n\t\t\t\t\t\t\t<div class=\"elementor-accordion-item\">\n\t\t\t\t\t<div id=\"elementor-tab-title-8872\" class=\"elementor-tab-title\" data-tab=\"2\" role=\"button\" aria-controls=\"elementor-tab-content-8872\" aria-expanded=\"false\">\n\t\t\t\t\t\t\t\t\t\t\t\t\t<span class=\"elementor-accordion-icon elementor-accordion-icon-left\" aria-hidden=\"true\">\n\t\t\t\t\t\t\t\t\t\t\t\t\t\t\t<span class=\"elementor-accordion-icon-closed\"><i class=\"fas fa-plus\"><\/i><\/span>\n\t\t\t\t\t\t\t\t<span class=\"elementor-accordion-icon-opened\"><i class=\"fas fa-minus\"><\/i><\/span>\n\t\t\t\t\t\t\t\t\t\t\t\t\t\t<\/span>\n\t\t\t\t\t\t\t\t\t\t\t\t<a class=\"elementor-accordion-title\" tabindex=\"0\">Dia 2: Arequipa \u2013 C\u00e2nion  do Colca<\/a>\n\t\t\t\t\t<\/div>\n\t\t\t\t\t<div id=\"elementor-tab-content-8872\" class=\"elementor-tab-content elementor-clearfix\" data-tab=\"2\" role=\"region\" aria-labelledby=\"elementor-tab-title-8872\"><p style=\"text-align: justify;\">\u00c0s 8:00 da manh\u00e3, vamos busc\u00e1-lo em seu hotel para deixar o destino Arequipa (2,325m) at\u00e9 a montanha de neve Chachani em nosso meio de transporte. Vamos ver vicunhas selvagens, alpacas e lhamas na Reserva Nacional de Pampa Ca\u00f1ahu, bem como aves como flamingos, \u00edbis, gansos andinos, patos, \u00e1guias e andinos chamado Kara Kara.<\/p><p style=\"text-align: justify;\">Tamb\u00e9m visitaremos o mirante de vulc\u00f5es e montanhas nevadas em Patapampa (4.800m).<\/p><p style=\"text-align: justify;\">Chegando em Chivay (3.600m), a capital do Vale do Colca, almo\u00e7aremos e teremos uma tarde livre para relaxar.<\/p><p style=\"text-align: justify;\">Pernoite no hotel 3 * Chivay.<\/p><\/div>\n\t\t\t\t<\/div>\n\t\t\t\t\t\t\t<div class=\"elementor-accordion-item\">\n\t\t\t\t\t<div id=\"elementor-tab-title-8873\" class=\"elementor-tab-title\" data-tab=\"3\" role=\"button\" aria-controls=\"elementor-tab-content-8873\" aria-expanded=\"false\">\n\t\t\t\t\t\t\t\t\t\t\t\t\t<span class=\"elementor-accordion-icon elementor-accordion-icon-left\" aria-hidden=\"true\">\n\t\t\t\t\t\t\t\t\t\t\t\t\t\t\t<span class=\"elementor-accordion-icon-closed\"><i class=\"fas fa-plus\"><\/i><\/span>\n\t\t\t\t\t\t\t\t<span class=\"elementor-accordion-icon-opened\"><i class=\"fas fa-minus\"><\/i><\/span>\n\t\t\t\t\t\t\t\t\t\t\t\t\t\t<\/span>\n\t\t\t\t\t\t\t\t\t\t\t\t<a class=\"elementor-accordion-title\" tabindex=\"0\">Dia 3: C\u00e2nion  do Colca \u2013 Arequipa<\/a>\n\t\t\t\t\t<\/div>\n\t\t\t\t\t<div id=\"elementor-tab-content-8873\" class=\"elementor-tab-content elementor-clearfix\" data-tab=\"3\" role=\"region\" aria-labelledby=\"elementor-tab-title-8873\"><p style=\"text-align: justify;\">De manh\u00e3 bem cedo, ap\u00f3s o caf\u00e9 da manh\u00e3 (por volta das 6am), partimos para uma excurs\u00e3o de dia inteiro no lado esquerdo do c\u00e2nion e visitamos belas cidades como Yanque e Maca com igrejas coloniais e pessoas amig\u00e1veis que ficam felizes em mostrar suas tradicionais roupas bordadas. Veja centenas de terra\u00e7os pr\u00e9-incas ainda usados para a agricultura e o milho andino, a quinoa, o amaranto e outros.<\/p><p style=\"text-align: justify;\">Depois de uma viagem de duas horas, chegamos ao lugar que voc\u00ea estava esperando &#8211; La Cruz del Condor. Aqui podemos ver a profundidade do canyon e o maravilhoso passeio do condor. Tempo livre para observar os condores e explorar o mirante. Depois voltamos para Arequipa, onde chegaremos por volta das 17:00 e traslado para o hotel.<\/p><p style=\"text-align: justify;\">Pernoite em Arequipa<\/p><\/div>\n\t\t\t\t<\/div>\n\t\t\t\t\t\t\t<div class=\"elementor-accordion-item\">\n\t\t\t\t\t<div id=\"elementor-tab-title-8874\" class=\"elementor-tab-title\" data-tab=\"4\" role=\"button\" aria-controls=\"elementor-tab-content-8874\" aria-expanded=\"false\">\n\t\t\t\t\t\t\t\t\t\t\t\t\t<span class=\"elementor-accordion-icon elementor-accordion-icon-left\" aria-hidden=\"true\">\n\t\t\t\t\t\t\t\t\t\t\t\t\t\t\t<span class=\"elementor-accordion-icon-closed\"><i class=\"fas fa-plus\"><\/i><\/span>\n\t\t\t\t\t\t\t\t<span class=\"elementor-accordion-icon-opened\"><i class=\"fas fa-minus\"><\/i><\/span>\n\t\t\t\t\t\t\t\t\t\t\t\t\t\t<\/span>\n\t\t\t\t\t\t\t\t\t\t\t\t<a class=\"elementor-accordion-title\" tabindex=\"0\">Dia 4: Manh\u00e3:. Canteras de Sillar Tour<\/a>\n\t\t\t\t\t<\/div>\n\t\t\t\t\t<div id=\"elementor-tab-content-8874\" class=\"elementor-tab-content elementor-clearfix\" data-tab=\"4\" role=\"region\" aria-labelledby=\"elementor-tab-title-8874\"><p style=\"text-align: justify;\">Traslado do alojamento por volta das 8am e transfer\u00eancia para as pedreiras de cantaria no distrito de Cerro Colorado. A apenas 30 minutos do centro de Arequipa, chegaremos a este lugar conhecido como as Pedreiras A\u00f1ashuayco, neste lugar podemos ver onde \u00e9 que os pedreiros tomam Ignimbrite ent\u00e3o pacientemente conseguem desenvolver o Sillar, os pedreiros\u00a0 explicar\u00e3o\u00a0 em detalhes a sua prepara\u00e7\u00e3o e tamb\u00e9m a hist\u00f3ria por tr\u00e1s do Sillar. No devido tempo, voltamos para a cidade de Arequipa e chegaremos por volta das 13:00h<\/p><p style=\"text-align: justify;\">Tarde livre para curtir a cidade ou visitar museus.<\/p><p style=\"text-align: justify;\">Pernoite em Arequipa<\/p><\/div>\n\t\t\t\t<\/div>\n\t\t\t\t\t\t\t<div class=\"elementor-accordion-item\">\n\t\t\t\t\t<div id=\"elementor-tab-title-8875\" class=\"elementor-tab-title\" data-tab=\"5\" role=\"button\" aria-controls=\"elementor-tab-content-8875\" aria-expanded=\"false\">\n\t\t\t\t\t\t\t\t\t\t\t\t\t<span class=\"elementor-accordion-icon elementor-accordion-icon-left\" aria-hidden=\"true\">\n\t\t\t\t\t\t\t\t\t\t\t\t\t\t\t<span class=\"elementor-accordion-icon-closed\"><i class=\"fas fa-plus\"><\/i><\/span>\n\t\t\t\t\t\t\t\t<span class=\"elementor-accordion-icon-opened\"><i class=\"fas fa-minus\"><\/i><\/span>\n\t\t\t\t\t\t\t\t\t\t\t\t\t\t<\/span>\n\t\t\t\t\t\t\t\t\t\t\t\t<a class=\"elementor-accordion-title\" tabindex=\"0\">Dia 5: Partida de Arequipa<\/a>\n\t\t\t\t\t<\/div>\n\t\t\t\t\t<div id=\"elementor-tab-content-8875\" class=\"elementor-tab-content elementor-clearfix\" data-tab=\"5\" role=\"region\" aria-labelledby=\"elementor-tab-title-8875\"><p>Ap\u00f3s o caf\u00e9 da manh\u00e3 no hotel, traslado ao aeroporto para o seu voo de partida.<\/p><p>Fim dos nossos servi\u00e7os<\/p><\/div>\n\t\t\t\t<\/div>\n\t\t\t\t\t\t\t\t<\/div>\n\t\t\t\t\t\t<\/div>\n\t\t\t\t<\/div>\n\t\t\t\t<div class=\"elementor-element elementor-element-01f99d7 elementor-widget elementor-widget-text-editor\" data-id=\"01f99d7\" data-element_type=\"widget\" data-widget_type=\"text-editor.default\">\n\t\t\t\t<div class=\"elementor-widget-container\">\n\t\t\t\t\t\t\t\t\t<h3><span style=\"color: #008000;\"><strong>O que est\u00e1 incluido:<\/strong><\/span><\/h3><ul><li>Traslado no aeroporto de Arequipa (ou rodovi\u00e1ria)<\/li><li>City tour em Arequipa<\/li><li>Visita ao Mosteiro de Santa Catalina<\/li><li>Visite o C\u00e2nion do Colca, Cruz do Condor, Yanque, Chivay, Reserva Nacional de Pampa Ca\u00f1ahuas<\/li><li>Bilhete tur\u00edstico no C\u00e2nion do Colca<\/li><li>Entrada para o Mosteiro de Santa Catalina<\/li><li>Rota do Sillar<\/li><li>Guia profissional em ingl\u00eas ou espanhol<\/li><li>3 noites em Arequipa<\/li><li>1 noche em Chivay\u00a0<\/li><li>Caf\u00e9 da manh\u00e3 no alojamento<\/li><li>Almo\u00e7o em Chivay no dia 2<\/li><li>Todo o transporte<\/li><li>Suporte 24\/7<\/li><\/ul><h3><span style=\"color: #008000;\"><strong>N\u00e3o incluso:<\/strong><\/span><\/h3><ul><li>Refei\u00e7\u00f5es n\u00e3o especificadas no itiner\u00e1rio<\/li><li>Alojamento em Arequipa<\/li><li>Transporte de chegada\/sa\u00edda de Arequipa<\/li><\/ul><h3><span style=\"color: #008000;\"><strong>Lista recomendada:<\/strong><\/span><\/h3><ul><li>Lanches (frutas secas, biscoitos, doces, chocolates, etc.)<\/li><li>Sapatos de caminhada ou t\u00eanis<\/li><li>Equipamento completo para chuva ou poncho<\/li><li>Luvas, gorro, cachecol<\/li><li>Roupa de banho (opcional para fontes termais)<\/li><li>Chap\u00e9u ou bon\u00e9<\/li><li>\u00d3culos de sol<\/li><li>Protetor solar<\/li><li>Artigos de higiene pessoal (papel higi\u00eanico, xampu, sabonete, creme para o corpo)<\/li><li>Garrafa de \u00c1gua<\/li><\/ul>\t\t\t\t\t\t\t\t<\/div>\n\t\t\t\t<\/div>\n\t\t\t\t\t<\/div>\n\t\t<\/div>\n\t\t\t\t\t<\/div>\n\t\t<\/section>\n\t\t\t\t<\/div>\n\t\t","protected":false},"excerpt":{"rendered":"<p><strong>C\u00d3DIGO:<\/strong> PVT-AP004<\/p>\n<p><strong>Partidas: Di\u00e1rias<\/strong><\/p>\n<p><strong>Dura\u00e7\u00e3o: 5 dias \/ 4 noites<\/strong><\/p>\n","protected":false},"featured_media":3404,"template":"","meta":{"site-sidebar-layout":"no-sidebar","site-content-layout":"page-builder","ast-site-content-layout":"full-width-container","site-content-style":"unboxed","site-sidebar-style":"unboxed","ast-global-header-display":"","ast-banner-title-visibility":"","ast-main-header-display":"","ast-hfb-above-header-display":"","ast-hfb-below-header-display":"","ast-hfb-mobile-header-display":"","site-post-title":"disabled","ast-breadcrumbs-content":"","ast-featured-img":"disabled","footer-sml-layout":"","theme-transparent-header-meta":"default","adv-header-id-meta":"","stick-header-meta":"default","header-above-stick-meta":"","header-main-stick-meta":"","header-below-stick-meta":"","astra-migrate-meta-layouts":"set","ast-page-background-enabled":"default","ast-page-background-meta":{"desktop":{"background-color":"var(--ast-global-color-4)","background-image":"","background-repeat":"repeat","background-position":"center center","background-size":"auto","background-attachment":"scroll","background-type":"","background-media":"","overlay-type":"","overlay-color":"","overlay-opacity":"","overlay-gradient":""},"tablet":{"background-color":"","background-image":"","background-repeat":"repeat","background-position":"center center","background-size":"auto","background-attachment":"scroll","background-type":"","background-media":"","overlay-type":"","overlay-color":"","overlay-opacity":"","overlay-gradient":""},"mobile":{"background-color":"","background-image":"","background-repeat":"repeat","background-position":"center center","background-size":"auto","background-attachment":"scroll","background-type":"","background-media":"","overlay-type":"","overlay-color":"","overlay-opacity":"","overlay-gradient":""}},"ast-content-background-meta":{"desktop":{"background-color":"var(--ast-global-color-5)","background-image":"","background-repeat":"repeat","background-position":"center center","background-size":"auto","background-attachment":"scroll","background-type":"","background-media":"","overlay-type":"","overlay-color":"","overlay-opacity":"","overlay-gradient":""},"tablet":{"background-color":"var(--ast-global-color-5)","background-image":"","background-repeat":"repeat","background-position":"center center","background-size":"auto","background-attachment":"scroll","background-type":"","background-media":"","overlay-type":"","overlay-color":"","overlay-opacity":"","overlay-gradient":""},"mobile":{"background-color":"var(--ast-global-color-5)","background-image":"","background-repeat":"repeat","background-position":"center center","background-size":"auto","background-attachment":"scroll","background-type":"","background-media":"","overlay-type":"","overlay-color":"","overlay-opacity":"","overlay-gradient":""}},"_joinchat":[]},"product_brand":[],"product_cat":[91,93],"product_tag":[],"class_list":{"0":"post-2028","1":"product","2":"type-product","3":"status-publish","4":"has-post-thumbnail","6":"product_cat-arequipa-pt-pt","7":"product_cat-pacotes-arequipa","8":"desktop-align-center","9":"tablet-align-center","10":"mobile-align-center","11":"ast-product-gallery-layout-horizontal-slider","12":"ast-product-gallery-with-no-image","13":"ast-product-single-variable","14":"ast-product-tabs-layout-horizontal","16":"first","17":"instock","18":"shipping-taxable","19":"purchasable","20":"product-type-variable"},"_links":{"self":[{"href":"https:\/\/www.prideperutravel.com\/pt-pt\/wp-json\/wp\/v2\/product\/2028","targetHints":{"allow":["GET"]}}],"collection":[{"href":"https:\/\/www.prideperutravel.com\/pt-pt\/wp-json\/wp\/v2\/product"}],"about":[{"href":"https:\/\/www.prideperutravel.com\/pt-pt\/wp-json\/wp\/v2\/types\/product"}],"version-history":[{"count":9,"href":"https:\/\/www.prideperutravel.com\/pt-pt\/wp-json\/wp\/v2\/product\/2028\/revisions"}],"predecessor-version":[{"id":5172,"href":"https:\/\/www.prideperutravel.com\/pt-pt\/wp-json\/wp\/v2\/product\/2028\/revisions\/5172"}],"wp:featuredmedia":[{"embeddable":true,"href":"https:\/\/www.prideperutravel.com\/pt-pt\/wp-json\/wp\/v2\/media\/3404"}],"wp:attachment":[{"href":"https:\/\/www.prideperutravel.com\/pt-pt\/wp-json\/wp\/v2\/media?parent=2028"}],"wp:term":[{"taxonomy":"product_brand","embeddable":true,"href":"https:\/\/www.prideperutravel.com\/pt-pt\/wp-json\/wp\/v2\/product_brand?post=2028"},{"taxonomy":"product_cat","embeddable":true,"href":"https:\/\/www.prideperutravel.com\/pt-pt\/wp-json\/wp\/v2\/product_cat?post=2028"},{"taxonomy":"product_tag","embeddable":true,"href":"https:\/\/www.prideperutravel.com\/pt-pt\/wp-json\/wp\/v2\/product_tag?post=2028"}],"curies":[{"name":"wp","href":"https:\/\/api.w.org\/{rel}","templated":true}]}}